{"id":608,"date":"2023-06-01T15:25:41","date_gmt":"2023-06-01T13:25:41","guid":{"rendered":"http:\/\/localhost\/wordpress\/?page_id=608"},"modified":"2023-08-09T18:48:08","modified_gmt":"2023-08-09T18:48:08","slug":"geschichte","status":"publish","type":"page","link":"http:\/\/griessler.com\/index.php\/geschichte\/","title":{"rendered":"Geschichte"},"content":{"rendered":"\t\t<div data-elementor-type=\"wp-page\" data-elementor-id=\"608\" class=\"elementor elementor-608\">\n\t\t\t\t\t\t<section data-wpr-sticky-section=\"yes\" data-wpr-position-type=\"sticky\" data-wpr-position-offset=\"0\" data-wpr-position-location=\"top\" data-wpr-sticky-devices=\"desktop_sticky\" data-wpr-custom-breakpoints=\"\" data-wpr-active-breakpoints=\"mobile_sticky tablet_sticky desktop_sticky\" data-wpr-z-index=\"100\" data-wpr-sticky-hide=\"\" data-wpr-replace-header=\"\" data-wpr-animation-duration=\"\" data-wpr-sticky-type=\"sticky\" class=\"elementor-section elementor-top-section elementor-element elementor-element-fb4a88e wpr-sticky-section-yes elementor-section-boxed elementor-section-height-default elementor-section-height-default wpr-particle-no wpr-jarallax-no wpr-parallax-no wpr-equal-height-no elementor-invisible\" data-id=\"fb4a88e\" data-element_type=\"section\" data-e-type=\"section\" data-settings=\"{&quot;animation&quot;:&quot;fadeIn&quot;,&quot;position_offset&quot;:0,&quot;position_offset_tablet&quot;:0,&quot;position_offset_mobile&quot;:0}\">\n\t\t\t\t\t\t<div class=\"elementor-container elementor-column-gap-default\">\n\t\t\t\t\t<div class=\"elementor-column elementor-col-100 elementor-top-column elementor-element elementor-element-3a08c18\" data-id=\"3a08c18\" data-element_type=\"column\" data-e-type=\"column\">\n\t\t\t<div class=\"elementor-widget-wrap elementor-element-populated\">\n\t\t\t\t\t\t<div class=\"elementor-element elementor-element-5e82b3a elementor-widget__width-auto e-transform elementor-align-left elementor-widget elementor-widget-button\" data-id=\"5e82b3a\" data-element_type=\"widget\" data-e-type=\"widget\" data-settings=\"{&quot;_animation&quot;:&quot;none&quot;,&quot;_transform_rotateZ_effect_hover&quot;:{&quot;unit&quot;:&quot;px&quot;,&quot;size&quot;:&quot;&quot;,&quot;sizes&quot;:[]},&quot;_transform_rotateZ_effect_hover_tablet&quot;:{&quot;unit&quot;:&quot;deg&quot;,&quot;size&quot;:&quot;&quot;,&quot;sizes&quot;:[]},&quot;_transform_rotateZ_effect_hover_mobile&quot;:{&quot;unit&quot;:&quot;deg&quot;,&quot;size&quot;:&quot;&quot;,&quot;sizes&quot;:[]}}\" data-widget_type=\"button.default\">\n\t\t\t\t<div class=\"elementor-widget-container\">\n\t\t\t\t\t\t\t\t\t<div class=\"elementor-button-wrapper\">\n\t\t\t\t\t<a class=\"elementor-button elementor-button-link elementor-size-md\" href=\"http:\/\/griessler.com\/\">\n\t\t\t\t\t\t<span class=\"elementor-button-content-wrapper\">\n\t\t\t\t\t\t<span class=\"elementor-button-icon\">\n\t\t\t\t<svg xmlns=\"http:\/\/www.w3.org\/2000\/svg\" height=\"48\" viewBox=\"0 -960 960 960\" width=\"48\"><path d=\"M280-200v-60h289q70 0 120.5-46.5T740-422q0-69-50.5-115.5T569-584H274l114 114-42 42-186-186 186-186 42 42-114 114h294q95 0 163.5 64T800-422q0 94-68.5 158T568-200H280Z\"><\/path><\/svg>\t\t\t<\/span>\n\t\t\t\t\t\t\t\t\t<span class=\"elementor-button-text\">Allgemein<\/span>\n\t\t\t\t\t<\/span>\n\t\t\t\t\t<\/a>\n\t\t\t\t<\/div>\n\t\t\t\t\t\t\t\t<\/div>\n\t\t\t\t<\/div>\n\t\t\t\t\t<\/div>\n\t\t<\/div>\n\t\t\t\t\t<\/div>\n\t\t<\/section>\n\t\t\t\t<section data-wpr-sticky-section=\"yes\" data-wpr-position-type=\"sticky\" data-wpr-position-offset=\"0\" data-wpr-position-location=\"top\" data-wpr-sticky-devices=\"desktop_sticky\" data-wpr-custom-breakpoints=\"\" data-wpr-active-breakpoints=\"mobile_sticky tablet_sticky desktop_sticky\" data-wpr-z-index=\"10\" data-wpr-sticky-hide=\"\" data-wpr-replace-header=\"\" data-wpr-animation-duration=\"\" data-wpr-sticky-type=\"sticky\" class=\"elementor-section elementor-top-section elementor-element elementor-element-fa01b05 wpr-sticky-section-yes elementor-section-boxed elementor-section-height-default elementor-section-height-default wpr-particle-no wpr-jarallax-no wpr-parallax-no wpr-equal-height-no\" data-id=\"fa01b05\" data-element_type=\"section\" data-e-type=\"section\" data-settings=\"{&quot;position_offset&quot;:0,&quot;position_offset_tablet&quot;:0,&quot;position_offset_mobile&quot;:0}\">\n\t\t\t\t\t\t<div class=\"elementor-container elementor-column-gap-default\">\n\t\t\t\t\t<div class=\"elementor-column elementor-col-100 elementor-top-column elementor-element elementor-element-b392367 elementor-invisible\" data-id=\"b392367\" data-element_type=\"column\" data-e-type=\"column\" data-settings=\"{&quot;background_background&quot;:&quot;classic&quot;,&quot;animation&quot;:&quot;fadeIn&quot;}\">\n\t\t\t<div class=\"elementor-widget-wrap elementor-element-populated\">\n\t\t\t\t\t\t<div class=\"elementor-element elementor-element-d0dbb18 elementor-widget elementor-widget-spacer\" data-id=\"d0dbb18\" data-element_type=\"widget\" data-e-type=\"widget\" data-widget_type=\"spacer.default\">\n\t\t\t\t<div class=\"elementor-widget-container\">\n\t\t\t\t\t\t\t<div class=\"elementor-spacer\">\n\t\t\t<div class=\"elementor-spacer-inner\"><\/div>\n\t\t<\/div>\n\t\t\t\t\t\t<\/div>\n\t\t\t\t<\/div>\n\t\t\t\t<div class=\"elementor-element elementor-element-09d16d5 elementor-invisible elementor-widget elementor-widget-heading\" data-id=\"09d16d5\" data-element_type=\"widget\" data-e-type=\"widget\" data-settings=\"{&quot;_animation&quot;:&quot;fadeIn&quot;}\" data-widget_type=\"heading.default\">\n\t\t\t\t<div class=\"elementor-widget-container\">\n\t\t\t\t\t<h1 class=\"elementor-heading-title elementor-size-default\">Geschichte<\/h1>\t\t\t\t<\/div>\n\t\t\t\t<\/div>\n\t\t\t\t<div class=\"elementor-element elementor-element-7a05952 elementor-invisible elementor-widget elementor-widget-heading\" data-id=\"7a05952\" data-element_type=\"widget\" data-e-type=\"widget\" data-settings=\"{&quot;_animation&quot;:&quot;fadeIn&quot;}\" data-widget_type=\"heading.default\">\n\t\t\t\t<div class=\"elementor-widget-container\">\n\t\t\t\t\t<h3 class=\"elementor-heading-title elementor-size-default\">Es begann am 1. Februar 1894<\/h3>\t\t\t\t<\/div>\n\t\t\t\t<\/div>\n\t\t\t\t<div class=\"elementor-element elementor-element-baaa0b4 elementor-invisible elementor-widget elementor-widget-text-editor\" data-id=\"baaa0b4\" data-element_type=\"widget\" data-e-type=\"widget\" data-settings=\"{&quot;_animation&quot;:&quot;fadeIn&quot;}\" data-widget_type=\"text-editor.default\">\n\t\t\t\t<div class=\"elementor-widget-container\">\n\t\t\t\t\t\t\t\t\t<p style=\"text-align: center;\"><span>An diesem Tag wurde die Firma Griessler von Julius Griessler und dessen Sohn August als OHG gegr\u00fcndet. Das Verkaufslokal war in der Hauptstra\u00dfe von Scheibbs situiert. Zu Beginn wurde haupts\u00e4chlich mit Lebensmitteln und Textilien gehandelt, aber auch Waren des t\u00e4glichen Bedarfs wurden verkauft.<\/span><\/p>\t\t\t\t\t\t\t\t<\/div>\n\t\t\t\t<\/div>\n\t\t\t\t<section class=\"elementor-section elementor-inner-section elementor-element elementor-element-b2c9608 elementor-section-boxed elementor-section-height-default elementor-section-height-default wpr-particle-no wpr-jarallax-no wpr-parallax-no wpr-sticky-section-no wpr-equal-height-no\" data-id=\"b2c9608\" data-element_type=\"section\" data-e-type=\"section\">\n\t\t\t\t\t\t<div class=\"elementor-container elementor-column-gap-default\">\n\t\t\t\t\t<div class=\"elementor-column elementor-col-50 elementor-inner-column elementor-element elementor-element-8d89ebf\" data-id=\"8d89ebf\" data-element_type=\"column\" data-e-type=\"column\">\n\t\t\t<div class=\"elementor-widget-wrap elementor-element-populated\">\n\t\t\t\t\t\t<div class=\"elementor-element elementor-element-9803492 elementor-invisible elementor-widget elementor-widget-image\" data-id=\"9803492\" data-element_type=\"widget\" data-e-type=\"widget\" data-settings=\"{&quot;_animation&quot;:&quot;fadeIn&quot;}\" data-widget_type=\"image.default\">\n\t\t\t\t<div class=\"elementor-widget-container\">\n\t\t\t\t\t\t\t\t\t\t\t\t<figure class=\"wp-caption\">\n\t\t\t\t\t\t\t\t\t\t<img decoding=\"async\" width=\"251\" height=\"197\" src=\"http:\/\/griessler.com\/wp-content\/uploads\/2023\/06\/Geschichte_1.jpg\" class=\"attachment-large size-large wp-image-680\" alt=\"\" \/>\t\t\t\t\t\t\t\t\t\t\t<figcaption class=\"widget-image-caption wp-caption-text\">Das erste Verkaufslokal der Firma Griessler (1894)<\/figcaption>\n\t\t\t\t\t\t\t\t\t\t<\/figure>\n\t\t\t\t\t\t\t\t\t<\/div>\n\t\t\t\t<\/div>\n\t\t\t\t\t<\/div>\n\t\t<\/div>\n\t\t\t\t<div class=\"elementor-column elementor-col-50 elementor-inner-column elementor-element elementor-element-0d9fda6\" data-id=\"0d9fda6\" data-element_type=\"column\" data-e-type=\"column\">\n\t\t\t<div class=\"elementor-widget-wrap elementor-element-populated\">\n\t\t\t\t\t\t<div class=\"elementor-element elementor-element-0b6aa1d elementor-invisible elementor-widget elementor-widget-image\" data-id=\"0b6aa1d\" data-element_type=\"widget\" data-e-type=\"widget\" data-settings=\"{&quot;_animation&quot;:&quot;fadeIn&quot;}\" data-widget_type=\"image.default\">\n\t\t\t\t<div class=\"elementor-widget-container\">\n\t\t\t\t\t\t\t\t\t\t\t\t<figure class=\"wp-caption\">\n\t\t\t\t\t\t\t\t\t\t<img decoding=\"async\" width=\"141\" height=\"197\" src=\"http:\/\/griessler.com\/wp-content\/uploads\/2023\/06\/Geschichte_2.jpg\" class=\"attachment-large size-large wp-image-681\" alt=\"\" \/>\t\t\t\t\t\t\t\t\t\t\t<figcaption class=\"widget-image-caption wp-caption-text\">Julius Griessler<\/figcaption>\n\t\t\t\t\t\t\t\t\t\t<\/figure>\n\t\t\t\t\t\t\t\t\t<\/div>\n\t\t\t\t<\/div>\n\t\t\t\t\t<\/div>\n\t\t<\/div>\n\t\t\t\t\t<\/div>\n\t\t<\/section>\n\t\t\t\t<div class=\"elementor-element elementor-element-b758391 elementor-invisible elementor-widget elementor-widget-heading\" data-id=\"b758391\" data-element_type=\"widget\" data-e-type=\"widget\" data-settings=\"{&quot;_animation&quot;:&quot;fadeIn&quot;}\" data-widget_type=\"heading.default\">\n\t\t\t\t<div class=\"elementor-widget-container\">\n\t\t\t\t\t<h3 class=\"elementor-heading-title elementor-size-default\"><br>Wilhelm L\u00f6wenstein I. erwirbt die Firma Griessler<\/h3>\t\t\t\t<\/div>\n\t\t\t\t<\/div>\n\t\t\t\t<section class=\"elementor-section elementor-inner-section elementor-element elementor-element-655418c elementor-section-boxed elementor-section-height-default elementor-section-height-default wpr-particle-no wpr-jarallax-no wpr-parallax-no wpr-sticky-section-no wpr-equal-height-no\" data-id=\"655418c\" data-element_type=\"section\" data-e-type=\"section\">\n\t\t\t\t\t\t<div class=\"elementor-container elementor-column-gap-default\">\n\t\t\t\t\t<div class=\"elementor-column elementor-col-50 elementor-inner-column elementor-element elementor-element-aabaca1\" data-id=\"aabaca1\" data-element_type=\"column\" data-e-type=\"column\">\n\t\t\t<div class=\"elementor-widget-wrap elementor-element-populated\">\n\t\t\t\t\t\t<div class=\"elementor-element elementor-element-e4783a1 elementor-invisible elementor-widget elementor-widget-image\" data-id=\"e4783a1\" data-element_type=\"widget\" data-e-type=\"widget\" data-settings=\"{&quot;_animation&quot;:&quot;fadeIn&quot;}\" data-widget_type=\"image.default\">\n\t\t\t\t<div class=\"elementor-widget-container\">\n\t\t\t\t\t\t\t\t\t\t\t\t<figure class=\"wp-caption\">\n\t\t\t\t\t\t\t\t\t\t<img fetchpriority=\"high\" decoding=\"async\" width=\"352\" height=\"197\" src=\"http:\/\/griessler.com\/wp-content\/uploads\/2023\/06\/Geschichte_4.jpg\" class=\"attachment-large size-large wp-image-683\" alt=\"\" srcset=\"http:\/\/griessler.com\/wp-content\/uploads\/2023\/06\/Geschichte_4.jpg 352w, http:\/\/griessler.com\/wp-content\/uploads\/2023\/06\/Geschichte_4-300x168.jpg 300w\" sizes=\"(max-width: 352px) 100vw, 352px\" \/>\t\t\t\t\t\t\t\t\t\t\t<figcaption class=\"widget-image-caption wp-caption-text\">Firma Griessler (1907)<\/figcaption>\n\t\t\t\t\t\t\t\t\t\t<\/figure>\n\t\t\t\t\t\t\t\t\t<\/div>\n\t\t\t\t<\/div>\n\t\t\t\t\t<\/div>\n\t\t<\/div>\n\t\t\t\t<div class=\"elementor-column elementor-col-50 elementor-inner-column elementor-element elementor-element-366966f\" data-id=\"366966f\" data-element_type=\"column\" data-e-type=\"column\">\n\t\t\t<div class=\"elementor-widget-wrap elementor-element-populated\">\n\t\t\t\t\t\t<div class=\"elementor-element elementor-element-6317d88 elementor-invisible elementor-widget elementor-widget-image\" data-id=\"6317d88\" data-element_type=\"widget\" data-e-type=\"widget\" data-settings=\"{&quot;_animation&quot;:&quot;fadeIn&quot;}\" data-widget_type=\"image.default\">\n\t\t\t\t<div class=\"elementor-widget-container\">\n\t\t\t\t\t\t\t\t\t\t\t\t<figure class=\"wp-caption\">\n\t\t\t\t\t\t\t\t\t\t<img loading=\"lazy\" decoding=\"async\" width=\"106\" height=\"157\" src=\"http:\/\/griessler.com\/wp-content\/uploads\/2023\/06\/Geschichte_3.jpg\" class=\"attachment-large size-large wp-image-682\" alt=\"\" \/>\t\t\t\t\t\t\t\t\t\t\t<figcaption class=\"widget-image-caption wp-caption-text\"> \t Wilhelm L\u00f6wenstein I.<\/figcaption>\n\t\t\t\t\t\t\t\t\t\t<\/figure>\n\t\t\t\t\t\t\t\t\t<\/div>\n\t\t\t\t<\/div>\n\t\t\t\t\t<\/div>\n\t\t<\/div>\n\t\t\t\t\t<\/div>\n\t\t<\/section>\n\t\t\t\t<div class=\"elementor-element elementor-element-b31e29e elementor-invisible elementor-widget elementor-widget-text-editor\" data-id=\"b31e29e\" data-element_type=\"widget\" data-e-type=\"widget\" data-settings=\"{&quot;_animation&quot;:&quot;fadeIn&quot;}\" data-widget_type=\"text-editor.default\">\n\t\t\t\t<div class=\"elementor-widget-container\">\n\t\t\t\t\t\t\t\t\t<p style=\"text-align: center;\">Im Jahre 1907 erwarben Wilhelm L\u00f6wenstein I. und Josef Schiel das Geb\u00e4ude in der Hauptstra\u00dfe von Scheibbs und das Recht den Firmennamen &#8222;Julius Griessler &amp; Sohn&#8220; weiterzuf\u00fchren. Josef Schiel schied jedoch im Jahre 1917 vereinbarungsgem\u00e4\u00df aus. Einem alleinigen Fortbetrieb der Firma Julius Griessler &amp; Sohn durch Wilhelm L\u00f6wenstein I. stand somit nichts mehr im Weg. Sieben Mitarbeiter wurden damals besch\u00e4ftigt. Im Eisenhandel gab es in dieser Zeit durch einige gro\u00dfe Bauvorhaben einen gro\u00dfen wirtschaftlichen Aufschwung.\n<p style=\"text-align: center;\"><a style=\"text-decoration: underline; color: blue;\" href=\"http:\/\/griessler.com\/wp-content\/uploads\/2023\/06\/Griessler_Rechnung_1918_1932.pdf\" rel=\"noopener\">Hier k\u00f6nnen Sie eine Rechnung aus dem Jahre 1918 sowie 1932 einsehen.<\/a><\/p>\t\t\t\t\t\t\t\t<\/div>\n\t\t\t\t<\/div>\n\t\t\t\t<div class=\"elementor-element elementor-element-b2ea2c8 elementor-invisible elementor-widget elementor-widget-heading\" data-id=\"b2ea2c8\" data-element_type=\"widget\" data-e-type=\"widget\" data-settings=\"{&quot;_animation&quot;:&quot;fadeIn&quot;}\" data-widget_type=\"heading.default\">\n\t\t\t\t<div class=\"elementor-widget-container\">\n\t\t\t\t\t<h3 class=\"elementor-heading-title elementor-size-default\">Wilhelm L\u00f6wenstein II. \u00fcbernimmt die Firma Griessler<\/h3>\t\t\t\t<\/div>\n\t\t\t\t<\/div>\n\t\t\t\t<div class=\"elementor-element elementor-element-9312819 elementor-invisible elementor-widget elementor-widget-text-editor\" data-id=\"9312819\" data-element_type=\"widget\" data-e-type=\"widget\" data-settings=\"{&quot;_animation&quot;:&quot;fadeIn&quot;}\" data-widget_type=\"text-editor.default\">\n\t\t\t\t<div class=\"elementor-widget-container\">\n\t\t\t\t\t\t\t\t\t<p style=\"text-align: center;\"><span>1929 erkrankte Wilhelm L\u00f6wenstein I. an einem Herzleiden und sein Sohn, Wilhelm L\u00f6wenstein II., wurde am Sterbebett seines Vaters zum Prokuristen ernannt. Nach dem Tod von Wilhelm L\u00f6wenstein I. im Jahre 1930 wurde die Firma von dessen Frau Leni L\u00f6wenstein und dessen Sohn Wilhelm L\u00f6wenstein II. weitergef\u00fchrt. Die nachfolgenden Jahre waren gekennzeichnet durch hohe Inflation und einer \u00e4u\u00dferst schlechten Wirtschaftslage mit hoher Arbeitslosigkeit. Nachdem seine Mutter 1938 die Gesch\u00e4ftsanteile abgegeben hatte, wurde Wilhelm L\u00f6wenstein II. Alleininhaber.<\/span><\/p>\t\t\t\t\t\t\t\t<\/div>\n\t\t\t\t<\/div>\n\t\t\t\t<section class=\"elementor-section elementor-inner-section elementor-element elementor-element-1e9bc14 elementor-section-boxed elementor-section-height-default elementor-section-height-default wpr-particle-no wpr-jarallax-no wpr-parallax-no wpr-sticky-section-no wpr-equal-height-no\" data-id=\"1e9bc14\" data-element_type=\"section\" data-e-type=\"section\">\n\t\t\t\t\t\t<div class=\"elementor-container elementor-column-gap-default\">\n\t\t\t\t\t<div class=\"elementor-column elementor-col-50 elementor-inner-column elementor-element elementor-element-48e714f\" data-id=\"48e714f\" data-element_type=\"column\" data-e-type=\"column\">\n\t\t\t<div class=\"elementor-widget-wrap elementor-element-populated\">\n\t\t\t\t\t\t<div class=\"elementor-element elementor-element-91debc3 elementor-invisible elementor-widget elementor-widget-image\" data-id=\"91debc3\" data-element_type=\"widget\" data-e-type=\"widget\" data-settings=\"{&quot;_animation&quot;:&quot;fadeIn&quot;}\" data-widget_type=\"image.default\">\n\t\t\t\t<div class=\"elementor-widget-container\">\n\t\t\t\t\t\t\t\t\t\t\t\t<figure class=\"wp-caption\">\n\t\t\t\t\t\t\t\t\t\t<img loading=\"lazy\" decoding=\"async\" width=\"156\" height=\"197\" src=\"http:\/\/griessler.com\/wp-content\/uploads\/2023\/06\/Geschichte_5.jpg\" class=\"attachment-large size-large wp-image-684\" alt=\"\" \/>\t\t\t\t\t\t\t\t\t\t\t<figcaption class=\"widget-image-caption wp-caption-text\">Wilhelm L\u00f6wenstein II.<\/figcaption>\n\t\t\t\t\t\t\t\t\t\t<\/figure>\n\t\t\t\t\t\t\t\t\t<\/div>\n\t\t\t\t<\/div>\n\t\t\t\t\t<\/div>\n\t\t<\/div>\n\t\t\t\t<div class=\"elementor-column elementor-col-50 elementor-inner-column elementor-element elementor-element-cbff30a\" data-id=\"cbff30a\" data-element_type=\"column\" data-e-type=\"column\">\n\t\t\t<div class=\"elementor-widget-wrap elementor-element-populated\">\n\t\t\t\t\t\t<div class=\"elementor-element elementor-element-94a9669 elementor-invisible elementor-widget elementor-widget-image\" data-id=\"94a9669\" data-element_type=\"widget\" data-e-type=\"widget\" data-settings=\"{&quot;_animation&quot;:&quot;fadeIn&quot;}\" data-widget_type=\"image.default\">\n\t\t\t\t<div class=\"elementor-widget-container\">\n\t\t\t\t\t\t\t\t\t\t\t\t<figure class=\"wp-caption\">\n\t\t\t\t\t\t\t\t\t\t<img loading=\"lazy\" decoding=\"async\" width=\"176\" height=\"197\" src=\"http:\/\/griessler.com\/wp-content\/uploads\/2023\/06\/Geschichte_6.jpg\" class=\"attachment-large size-large wp-image-685\" alt=\"\" \/>\t\t\t\t\t\t\t\t\t\t\t<figcaption class=\"widget-image-caption wp-caption-text\">Leni L\u00f6wenstein<\/figcaption>\n\t\t\t\t\t\t\t\t\t\t<\/figure>\n\t\t\t\t\t\t\t\t\t<\/div>\n\t\t\t\t<\/div>\n\t\t\t\t\t<\/div>\n\t\t<\/div>\n\t\t\t\t\t<\/div>\n\t\t<\/section>\n\t\t\t\t<div class=\"elementor-element elementor-element-987e5b5 elementor-invisible elementor-widget elementor-widget-text-editor\" data-id=\"987e5b5\" data-element_type=\"widget\" data-e-type=\"widget\" data-settings=\"{&quot;_animation&quot;:&quot;fadeIn&quot;}\" data-widget_type=\"text-editor.default\">\n\t\t\t\t<div class=\"elementor-widget-container\">\n\t\t\t\t\t\t\t\t\t<p style=\"text-align: center;\"><span>Mit Beginn des 2. Weltkrieges wurde die Warenversorgung immer stockender, aber das Gesch\u00e4ft wurde von Mitarbeitern der Firma \u00fcber die gesamte Kriegsdauer bis 1945 trotz schleppenden Warennachschubes gef\u00fchrt. Nach Ende des 2. Weltkrieges, im August 1945, kehrte Wilhelm L\u00f6wenstein II. aus dem Krieg zur\u00fcck. Obwohl das Gesch\u00e4ft in der Zwischenzeit gepl\u00fcndert wurde, f\u00fchrte Wilhelm L\u00f6wenstein II. die Firma erfolgreich weiter. 1954 wurde das Gesch\u00e4ftshaus in der Hauptstra\u00dfe umgebaut. In dieser Zeit sorgten etwa 30 Mitarbeiter f\u00fcr das Wohl der Kunden.<\/span><\/p>\t\t\t\t\t\t\t\t<\/div>\n\t\t\t\t<\/div>\n\t\t\t\t<div class=\"elementor-element elementor-element-b97f4d9 elementor-invisible elementor-widget elementor-widget-image\" data-id=\"b97f4d9\" data-element_type=\"widget\" data-e-type=\"widget\" data-settings=\"{&quot;_animation&quot;:&quot;fadeIn&quot;}\" data-widget_type=\"image.default\">\n\t\t\t\t<div class=\"elementor-widget-container\">\n\t\t\t\t\t\t\t\t\t\t\t\t<figure class=\"wp-caption\">\n\t\t\t\t\t\t\t\t\t\t<img loading=\"lazy\" decoding=\"async\" width=\"160\" height=\"197\" src=\"http:\/\/griessler.com\/wp-content\/uploads\/2023\/06\/Geschichte_7.jpg\" class=\"attachment-large size-large wp-image-686\" alt=\"\" \/>\t\t\t\t\t\t\t\t\t\t\t<figcaption class=\"widget-image-caption wp-caption-text\">Firma Griessler (1954)<\/figcaption>\n\t\t\t\t\t\t\t\t\t\t<\/figure>\n\t\t\t\t\t\t\t\t\t<\/div>\n\t\t\t\t<\/div>\n\t\t\t\t<div class=\"elementor-element elementor-element-e6d11ae elementor-invisible elementor-widget elementor-widget-text-editor\" data-id=\"e6d11ae\" data-element_type=\"widget\" data-e-type=\"widget\" data-settings=\"{&quot;_animation&quot;:&quot;fadeIn&quot;}\" data-widget_type=\"text-editor.default\">\n\t\t\t\t<div class=\"elementor-widget-container\">\n\t\t\t\t\t\t\t\t\t<p style=\"text-align: center;\"><span>In den Jahren 1960-1970 wurde in mehreren Bauetappen auf einem 10.000 m\u00b2 gro\u00dfen Grundst\u00fcck in der Rutesheimer Stra\u00dfe das Walzwarenlager mit der 100 m langen Kranbahn, die Baustoffhalle, Kohlenboxen, Garagen und ein Wohnhaus errichtet.<\/span><\/p>\t\t\t\t\t\t\t\t<\/div>\n\t\t\t\t<\/div>\n\t\t\t\t<div class=\"elementor-element elementor-element-756fa59 elementor-invisible elementor-widget elementor-widget-image\" data-id=\"756fa59\" data-element_type=\"widget\" data-e-type=\"widget\" data-settings=\"{&quot;_animation&quot;:&quot;fadeIn&quot;}\" data-widget_type=\"image.default\">\n\t\t\t\t<div class=\"elementor-widget-container\">\n\t\t\t\t\t\t\t\t\t\t\t\t<figure class=\"wp-caption\">\n\t\t\t\t\t\t\t\t\t\t<img loading=\"lazy\" decoding=\"async\" width=\"394\" height=\"142\" src=\"http:\/\/griessler.com\/wp-content\/uploads\/2023\/06\/Geschichte_8.jpg\" class=\"attachment-large size-large wp-image-687\" alt=\"\" srcset=\"http:\/\/griessler.com\/wp-content\/uploads\/2023\/06\/Geschichte_8.jpg 394w, http:\/\/griessler.com\/wp-content\/uploads\/2023\/06\/Geschichte_8-300x108.jpg 300w\" sizes=\"(max-width: 394px) 100vw, 394px\" \/>\t\t\t\t\t\t\t\t\t\t\t<figcaption class=\"widget-image-caption wp-caption-text\">Neuer Standort in der Rutesheimer Stra\u00dfe<\/figcaption>\n\t\t\t\t\t\t\t\t\t\t<\/figure>\n\t\t\t\t\t\t\t\t\t<\/div>\n\t\t\t\t<\/div>\n\t\t\t\t<div class=\"elementor-element elementor-element-0c25fe3 elementor-invisible elementor-widget elementor-widget-text-editor\" data-id=\"0c25fe3\" data-element_type=\"widget\" data-e-type=\"widget\" data-settings=\"{&quot;_animation&quot;:&quot;fadeIn&quot;}\" data-widget_type=\"text-editor.default\">\n\t\t\t\t<div class=\"elementor-widget-container\">\n\t\t\t\t\t\t\t\t\t<p style=\"text-align: center;\"><span>1976 wurde das Haus- und K\u00fcchenger\u00e4tefachgesch\u00e4ft &#8222;Quartierhaus&#8220; mit einer Verkaufsfl\u00e4che von 500 m\u00b2 er\u00f6ffnet.<\/span><\/p>\t\t\t\t\t\t\t\t<\/div>\n\t\t\t\t<\/div>\n\t\t\t\t<div class=\"elementor-element elementor-element-9bfcc38 elementor-invisible elementor-widget elementor-widget-heading\" data-id=\"9bfcc38\" data-element_type=\"widget\" data-e-type=\"widget\" data-settings=\"{&quot;_animation&quot;:&quot;fadeIn&quot;}\" data-widget_type=\"heading.default\">\n\t\t\t\t<div class=\"elementor-widget-container\">\n\t\t\t\t\t<h3 class=\"elementor-heading-title elementor-size-default\">Peter L\u00f6wenstein wird Gesch\u00e4ftsf\u00fchrer<\/h3>\t\t\t\t<\/div>\n\t\t\t\t<\/div>\n\t\t\t\t<div class=\"elementor-element elementor-element-2900523 elementor-invisible elementor-widget elementor-widget-text-editor\" data-id=\"2900523\" data-element_type=\"widget\" data-e-type=\"widget\" data-settings=\"{&quot;_animation&quot;:&quot;fadeIn&quot;}\" data-widget_type=\"text-editor.default\">\n\t\t\t\t<div class=\"elementor-widget-container\">\n\t\t\t\t\t\t\t\t\t<p style=\"text-align: center;\"><span>Nach der Pensionierung von Wilhelm L\u00f6wenstein II. im Jahre 1978, \u00fcbernahm dessen Sohn Peter L\u00f6wenstein die Gesch\u00e4ftsf\u00fchrung.<\/span><\/p>\t\t\t\t\t\t\t\t<\/div>\n\t\t\t\t<\/div>\n\t\t\t\t<div class=\"elementor-element elementor-element-5477588 elementor-invisible elementor-widget elementor-widget-image\" data-id=\"5477588\" data-element_type=\"widget\" data-e-type=\"widget\" data-settings=\"{&quot;_animation&quot;:&quot;fadeIn&quot;}\" data-widget_type=\"image.default\">\n\t\t\t\t<div class=\"elementor-widget-container\">\n\t\t\t\t\t\t\t\t\t\t\t\t<figure class=\"wp-caption\">\n\t\t\t\t\t\t\t\t\t\t<img loading=\"lazy\" decoding=\"async\" width=\"119\" height=\"154\" src=\"http:\/\/griessler.com\/wp-content\/uploads\/2023\/06\/Geschichte_9.jpg\" class=\"attachment-large size-large wp-image-688\" alt=\"\" \/>\t\t\t\t\t\t\t\t\t\t\t<figcaption class=\"widget-image-caption wp-caption-text\">Peter L\u00f6wenstein<\/figcaption>\n\t\t\t\t\t\t\t\t\t\t<\/figure>\n\t\t\t\t\t\t\t\t\t<\/div>\n\t\t\t\t<\/div>\n\t\t\t\t<div class=\"elementor-element elementor-element-4877600 elementor-invisible elementor-widget elementor-widget-text-editor\" data-id=\"4877600\" data-element_type=\"widget\" data-e-type=\"widget\" data-settings=\"{&quot;_animation&quot;:&quot;fadeIn&quot;}\" data-widget_type=\"text-editor.default\">\n\t\t\t\t<div class=\"elementor-widget-container\">\n\t\t\t\t\t\t\t\t\t<p><span>1984 \u00fcbersiedelte die Eisenhandlung in die neu errichteten Gesch\u00e4ftsr\u00e4ume in der Gaminger Stra\u00dfe mit einer Verkaufsfl\u00e4che von etwa 1800 m\u00b2. 1990 errichtete Peter L\u00f6wenstein den Holzfachmarkt in der Rutesheimer Stra\u00dfe mit einer Verkaufsfl\u00e4che von etwa 1000 m\u00b2.<\/span><\/p>\t\t\t\t\t\t\t\t<\/div>\n\t\t\t\t<\/div>\n\t\t\t\t<div class=\"elementor-element elementor-element-1d1f8db elementor-invisible elementor-widget elementor-widget-image\" data-id=\"1d1f8db\" data-element_type=\"widget\" data-e-type=\"widget\" data-settings=\"{&quot;_animation&quot;:&quot;fadeIn&quot;}\" data-widget_type=\"image.default\">\n\t\t\t\t<div class=\"elementor-widget-container\">\n\t\t\t\t\t\t\t\t\t\t\t\t<figure class=\"wp-caption\">\n\t\t\t\t\t\t\t\t\t\t<img loading=\"lazy\" decoding=\"async\" width=\"580\" height=\"375\" src=\"http:\/\/griessler.com\/wp-content\/uploads\/2023\/06\/Holzfachmarkt_1.jpg\" class=\"attachment-large size-large wp-image-708\" alt=\"\" srcset=\"http:\/\/griessler.com\/wp-content\/uploads\/2023\/06\/Holzfachmarkt_1.jpg 580w, http:\/\/griessler.com\/wp-content\/uploads\/2023\/06\/Holzfachmarkt_1-300x194.jpg 300w\" sizes=\"(max-width: 580px) 100vw, 580px\" \/>\t\t\t\t\t\t\t\t\t\t\t<figcaption class=\"widget-image-caption wp-caption-text\">Holzfachmarkt<\/figcaption>\n\t\t\t\t\t\t\t\t\t\t<\/figure>\n\t\t\t\t\t\t\t\t\t<\/div>\n\t\t\t\t<\/div>\n\t\t\t\t<div class=\"elementor-element elementor-element-ce478f4 elementor-invisible elementor-widget elementor-widget-text-editor\" data-id=\"ce478f4\" data-element_type=\"widget\" data-e-type=\"widget\" data-settings=\"{&quot;_animation&quot;:&quot;fadeIn&quot;}\" data-widget_type=\"text-editor.default\">\n\t\t\t\t<div class=\"elementor-widget-container\">\n\t\t\t\t\t\t\t\t\t<p style=\"text-align: center;\"><span>Im Jahre 1994 wurde das ehemalige &#8222;Quartierhaus&#8220; v\u00f6llig neu umgebaut und am 12. M\u00e4rz 1994 unter dem Namen &#8222;Artemis&#8220; er\u00f6ffnet.<\/span><\/p>\t\t\t\t\t\t\t\t<\/div>\n\t\t\t\t<\/div>\n\t\t\t\t<div class=\"elementor-element elementor-element-9672356 elementor-invisible elementor-widget elementor-widget-image\" data-id=\"9672356\" data-element_type=\"widget\" data-e-type=\"widget\" data-settings=\"{&quot;_animation&quot;:&quot;fadeIn&quot;}\" data-widget_type=\"image.default\">\n\t\t\t\t<div class=\"elementor-widget-container\">\n\t\t\t\t\t\t\t\t\t\t\t\t<figure class=\"wp-caption\">\n\t\t\t\t\t\t\t\t\t\t<img loading=\"lazy\" decoding=\"async\" width=\"177\" height=\"154\" src=\"http:\/\/griessler.com\/wp-content\/uploads\/2023\/06\/Geschichte_10.jpg\" class=\"attachment-large size-large wp-image-689\" alt=\"\" \/>\t\t\t\t\t\t\t\t\t\t\t<figcaption class=\"widget-image-caption wp-caption-text\">Artemis<\/figcaption>\n\t\t\t\t\t\t\t\t\t\t<\/figure>\n\t\t\t\t\t\t\t\t\t<\/div>\n\t\t\t\t<\/div>\n\t\t\t\t<div class=\"elementor-element elementor-element-ed456ee elementor-invisible elementor-widget elementor-widget-text-editor\" data-id=\"ed456ee\" data-element_type=\"widget\" data-e-type=\"widget\" data-settings=\"{&quot;_animation&quot;:&quot;fadeIn&quot;}\" data-widget_type=\"text-editor.default\">\n\t\t\t\t<div class=\"elementor-widget-container\">\n\t\t\t\t\t\t\t\t\t<p style=\"text-align: center;\"><span>Im J\u00e4nner 1997 wurde der Heimwerkerfachmarkt &#8222;heim+handwerk&#8220; mit einer Verkaufsfl\u00e4che von 2500 m\u00b2 und 50 Kundenparkpl\u00e4tzen im Gewerbegebiet errichtet und darf sicher zu den modernsten Fachm\u00e4rkten \u00d6sterreichs gez\u00e4hlt werden. Bei der Errichtung wurde vor allem auf moderne und ansprechende Architektur, sowie Kundenfreundlichkeit geachtet. Mit M\u00e4rz 2001 wurde dann auch das &#8222;Artemis&#8220; ins &#8222;heim+handwerk&#8220; \u00fcbersiedelt.<\/span><\/p>\t\t\t\t\t\t\t\t<\/div>\n\t\t\t\t<\/div>\n\t\t\t\t<div class=\"elementor-element elementor-element-9e14fb4 elementor-invisible elementor-widget elementor-widget-image\" data-id=\"9e14fb4\" data-element_type=\"widget\" data-e-type=\"widget\" data-settings=\"{&quot;_animation&quot;:&quot;fadeIn&quot;}\" data-widget_type=\"image.default\">\n\t\t\t\t<div class=\"elementor-widget-container\">\n\t\t\t\t\t\t\t\t\t\t\t\t<figure class=\"wp-caption\">\n\t\t\t\t\t\t\t\t\t\t<img loading=\"lazy\" decoding=\"async\" width=\"580\" height=\"375\" src=\"http:\/\/griessler.com\/wp-content\/uploads\/2023\/06\/heim_handwerk_1.jpg\" class=\"attachment-large size-large wp-image-701\" alt=\"\" srcset=\"http:\/\/griessler.com\/wp-content\/uploads\/2023\/06\/heim_handwerk_1.jpg 580w, http:\/\/griessler.com\/wp-content\/uploads\/2023\/06\/heim_handwerk_1-300x194.jpg 300w\" sizes=\"(max-width: 580px) 100vw, 580px\" \/>\t\t\t\t\t\t\t\t\t\t\t<figcaption class=\"widget-image-caption wp-caption-text\">heim+handwerk<\/figcaption>\n\t\t\t\t\t\t\t\t\t\t<\/figure>\n\t\t\t\t\t\t\t\t\t<\/div>\n\t\t\t\t<\/div>\n\t\t\t\t<div class=\"elementor-element elementor-element-3d7a2fc elementor-invisible elementor-widget elementor-widget-text-editor\" data-id=\"3d7a2fc\" data-element_type=\"widget\" data-e-type=\"widget\" data-settings=\"{&quot;_animation&quot;:&quot;fadeIn&quot;}\" data-widget_type=\"text-editor.default\">\n\t\t\t\t<div class=\"elementor-widget-container\">\n\t\t\t\t\t\t\t\t\t<p style=\"text-align: center;\">Im Fr\u00fchjahr 2006 wurde der Holzfachmarkt im Innenbereich einer Neugestaltung unterzogen, um den Kunden eine noch bessere \u00dcbersicht \u00fcber die Produktpalette zu bieten. Die Sortimentsschwerpunkte Parkett, Holz im Garten, Platten, Leisten, Saunas und Infrarotkabinen werden nun in einer vollkommen neuen Art pr\u00e4sentiert.<\/p>\t\t\t\t\t\t\t\t<\/div>\n\t\t\t\t<\/div>\n\t\t\t\t<div class=\"elementor-element elementor-element-4182853 elementor-invisible elementor-widget elementor-widget-image\" data-id=\"4182853\" data-element_type=\"widget\" data-e-type=\"widget\" data-settings=\"{&quot;_animation&quot;:&quot;fadeIn&quot;}\" data-widget_type=\"image.default\">\n\t\t\t\t<div class=\"elementor-widget-container\">\n\t\t\t\t\t\t\t\t\t\t\t\t<figure class=\"wp-caption\">\n\t\t\t\t\t\t\t\t\t\t<img loading=\"lazy\" decoding=\"async\" width=\"236\" height=\"159\" src=\"http:\/\/griessler.com\/wp-content\/uploads\/2023\/06\/Geschichte_11.jpg\" class=\"attachment-large size-large wp-image-690\" alt=\"\" \/>\t\t\t\t\t\t\t\t\t\t\t<figcaption class=\"widget-image-caption wp-caption-text\">Holzfachmarkt Innenbereich<\/figcaption>\n\t\t\t\t\t\t\t\t\t\t<\/figure>\n\t\t\t\t\t\t\t\t\t<\/div>\n\t\t\t\t<\/div>\n\t\t\t\t<div class=\"elementor-element elementor-element-2145274 elementor-invisible elementor-widget elementor-widget-text-editor\" data-id=\"2145274\" data-element_type=\"widget\" data-e-type=\"widget\" data-settings=\"{&quot;_animation&quot;:&quot;fadeIn&quot;}\" data-widget_type=\"text-editor.default\">\n\t\t\t\t<div class=\"elementor-widget-container\">\n\t\t\t\t\t\t\t\t\t<p style=\"text-align: center;\">Im J\u00e4nner 2008 wurde ebenfalls das heim+handwerk im Innenbereich einer Neugestaltung unterzogen, um den Kunden eine noch bessere \u00dcbersicht \u00fcber die Produktpalette zu bieten und um neue Aktionsfl\u00e4chen zu schaffen. Die Sortimentsschwerpunkte Arbeitsschutz, Beschl\u00e4ge, Farben, Garten, Maschinen, Werkzeug werden nun in einer vollkommen neuen und wesentlich \u00fcbersichtlicheren Art pr\u00e4sentiert.<\/p>\t\t\t\t\t\t\t\t<\/div>\n\t\t\t\t<\/div>\n\t\t\t\t<section class=\"elementor-section elementor-inner-section elementor-element elementor-element-07abba4 elementor-section-boxed elementor-section-height-default elementor-section-height-default wpr-particle-no wpr-jarallax-no wpr-parallax-no wpr-sticky-section-no wpr-equal-height-no elementor-invisible\" data-id=\"07abba4\" data-element_type=\"section\" data-e-type=\"section\" data-settings=\"{&quot;animation&quot;:&quot;fadeIn&quot;}\">\n\t\t\t\t\t\t<div class=\"elementor-container elementor-column-gap-default\">\n\t\t\t\t\t<div class=\"elementor-column elementor-col-33 elementor-inner-column elementor-element elementor-element-3baaf83\" data-id=\"3baaf83\" data-element_type=\"column\" data-e-type=\"column\">\n\t\t\t<div class=\"elementor-widget-wrap elementor-element-populated\">\n\t\t\t\t\t\t<div class=\"elementor-element elementor-element-a16750e elementor-widget elementor-widget-image\" data-id=\"a16750e\" data-element_type=\"widget\" data-e-type=\"widget\" data-widget_type=\"image.default\">\n\t\t\t\t<div class=\"elementor-widget-container\">\n\t\t\t\t\t\t\t\t\t\t\t\t<figure class=\"wp-caption\">\n\t\t\t\t\t\t\t\t\t\t<img loading=\"lazy\" decoding=\"async\" width=\"236\" height=\"163\" src=\"http:\/\/griessler.com\/wp-content\/uploads\/2023\/06\/Geschichte_12.jpg\" class=\"attachment-large size-large wp-image-691\" alt=\"\" \/>\t\t\t\t\t\t\t\t\t\t\t<figcaption class=\"widget-image-caption wp-caption-text\">Arbeitsschutzpr\u00e4sentation<\/figcaption>\n\t\t\t\t\t\t\t\t\t\t<\/figure>\n\t\t\t\t\t\t\t\t\t<\/div>\n\t\t\t\t<\/div>\n\t\t\t\t\t<\/div>\n\t\t<\/div>\n\t\t\t\t<div class=\"elementor-column elementor-col-33 elementor-inner-column elementor-element elementor-element-4f1a5d5\" data-id=\"4f1a5d5\" data-element_type=\"column\" data-e-type=\"column\">\n\t\t\t<div class=\"elementor-widget-wrap elementor-element-populated\">\n\t\t\t\t\t\t<div class=\"elementor-element elementor-element-198446b elementor-widget elementor-widget-image\" data-id=\"198446b\" data-element_type=\"widget\" data-e-type=\"widget\" data-widget_type=\"image.default\">\n\t\t\t\t<div class=\"elementor-widget-container\">\n\t\t\t\t\t\t\t\t\t\t\t\t<figure class=\"wp-caption\">\n\t\t\t\t\t\t\t\t\t\t<img loading=\"lazy\" decoding=\"async\" width=\"236\" height=\"163\" src=\"http:\/\/griessler.com\/wp-content\/uploads\/2023\/06\/Geschichte_13.jpg\" class=\"attachment-large size-large wp-image-692\" alt=\"\" \/>\t\t\t\t\t\t\t\t\t\t\t<figcaption class=\"widget-image-caption wp-caption-text\">Maschinenpr\u00e4sentation<\/figcaption>\n\t\t\t\t\t\t\t\t\t\t<\/figure>\n\t\t\t\t\t\t\t\t\t<\/div>\n\t\t\t\t<\/div>\n\t\t\t\t\t<\/div>\n\t\t<\/div>\n\t\t\t\t<div class=\"elementor-column elementor-col-33 elementor-inner-column elementor-element elementor-element-66ef8cc\" data-id=\"66ef8cc\" data-element_type=\"column\" data-e-type=\"column\">\n\t\t\t<div class=\"elementor-widget-wrap elementor-element-populated\">\n\t\t\t\t\t\t<div class=\"elementor-element elementor-element-abcbb50 elementor-widget elementor-widget-image\" data-id=\"abcbb50\" data-element_type=\"widget\" data-e-type=\"widget\" data-widget_type=\"image.default\">\n\t\t\t\t<div class=\"elementor-widget-container\">\n\t\t\t\t\t\t\t\t\t\t\t\t<figure class=\"wp-caption\">\n\t\t\t\t\t\t\t\t\t\t<img loading=\"lazy\" decoding=\"async\" width=\"236\" height=\"147\" src=\"http:\/\/griessler.com\/wp-content\/uploads\/2023\/06\/Geschichte_14.jpg\" class=\"attachment-large size-large wp-image-693\" alt=\"\" \/>\t\t\t\t\t\t\t\t\t\t\t<figcaption class=\"widget-image-caption wp-caption-text\">Aktionspr\u00e4sentation<\/figcaption>\n\t\t\t\t\t\t\t\t\t\t<\/figure>\n\t\t\t\t\t\t\t\t\t<\/div>\n\t\t\t\t<\/div>\n\t\t\t\t\t<\/div>\n\t\t<\/div>\n\t\t\t\t\t<\/div>\n\t\t<\/section>\n\t\t\t\t<div class=\"elementor-element elementor-element-28fc587 elementor-invisible elementor-widget elementor-widget-text-editor\" data-id=\"28fc587\" data-element_type=\"widget\" data-e-type=\"widget\" data-settings=\"{&quot;_animation&quot;:&quot;fadeIn&quot;}\" data-widget_type=\"text-editor.default\">\n\t\t\t\t<div class=\"elementor-widget-container\">\n\t\t\t\t\t\t\t\t\t<p style=\"text-align: center;\">Im Fr\u00fchjahr 2008 wurde beim Holzfachmarkt eine riesige Modularhalle errichtet um den Kunden eine noch gr\u00f6\u00dfere Auswahl an Gartenm\u00f6bel, Griller und Poolartikel pr\u00e4sentieren zu k\u00f6nnen. Auf einer Gesamtfl\u00e4che von 300 m\u00b2 k\u00f6nnen wir Ihnen hiermit die gr\u00f6\u00dfte Auswahl an Saisonartikel im Erlauftal bieten.<\/p>\t\t\t\t\t\t\t\t<\/div>\n\t\t\t\t<\/div>\n\t\t\t\t<section class=\"elementor-section elementor-inner-section elementor-element elementor-element-06692a4 elementor-section-boxed elementor-section-height-default elementor-section-height-default wpr-particle-no wpr-jarallax-no wpr-parallax-no wpr-sticky-section-no wpr-equal-height-no elementor-invisible\" data-id=\"06692a4\" data-element_type=\"section\" data-e-type=\"section\" data-settings=\"{&quot;animation&quot;:&quot;fadeIn&quot;}\">\n\t\t\t\t\t\t<div class=\"elementor-container elementor-column-gap-default\">\n\t\t\t\t\t<div class=\"elementor-column elementor-col-50 elementor-inner-column elementor-element elementor-element-b6be2a8\" data-id=\"b6be2a8\" data-element_type=\"column\" data-e-type=\"column\">\n\t\t\t<div class=\"elementor-widget-wrap elementor-element-populated\">\n\t\t\t\t\t\t<div class=\"elementor-element elementor-element-cd9d696 elementor-widget elementor-widget-image\" data-id=\"cd9d696\" data-element_type=\"widget\" data-e-type=\"widget\" data-widget_type=\"image.default\">\n\t\t\t\t<div class=\"elementor-widget-container\">\n\t\t\t\t\t\t\t\t\t\t\t\t<figure class=\"wp-caption\">\n\t\t\t\t\t\t\t\t\t\t<img loading=\"lazy\" decoding=\"async\" width=\"236\" height=\"176\" src=\"http:\/\/griessler.com\/wp-content\/uploads\/2023\/06\/Geschichte_15.jpg\" class=\"attachment-large size-large wp-image-694\" alt=\"\" \/>\t\t\t\t\t\t\t\t\t\t\t<figcaption class=\"widget-image-caption wp-caption-text\">Gartenm\u00f6belzelt Aussenansicht<\/figcaption>\n\t\t\t\t\t\t\t\t\t\t<\/figure>\n\t\t\t\t\t\t\t\t\t<\/div>\n\t\t\t\t<\/div>\n\t\t\t\t\t<\/div>\n\t\t<\/div>\n\t\t\t\t<div class=\"elementor-column elementor-col-50 elementor-inner-column elementor-element elementor-element-52f1e04\" data-id=\"52f1e04\" data-element_type=\"column\" data-e-type=\"column\">\n\t\t\t<div class=\"elementor-widget-wrap elementor-element-populated\">\n\t\t\t\t\t\t<div class=\"elementor-element elementor-element-530baf4 elementor-widget elementor-widget-image\" data-id=\"530baf4\" data-element_type=\"widget\" data-e-type=\"widget\" data-widget_type=\"image.default\">\n\t\t\t\t<div class=\"elementor-widget-container\">\n\t\t\t\t\t\t\t\t\t\t\t\t<figure class=\"wp-caption\">\n\t\t\t\t\t\t\t\t\t\t<img loading=\"lazy\" decoding=\"async\" width=\"236\" height=\"169\" src=\"http:\/\/griessler.com\/wp-content\/uploads\/2023\/06\/Geschichte_16.jpg\" class=\"attachment-large size-large wp-image-695\" alt=\"\" \/>\t\t\t\t\t\t\t\t\t\t\t<figcaption class=\"widget-image-caption wp-caption-text\">Gartenm\u00f6belzelt Innenansicht<\/figcaption>\n\t\t\t\t\t\t\t\t\t\t<\/figure>\n\t\t\t\t\t\t\t\t\t<\/div>\n\t\t\t\t<\/div>\n\t\t\t\t\t<\/div>\n\t\t<\/div>\n\t\t\t\t\t<\/div>\n\t\t<\/section>\n\t\t\t\t<div class=\"elementor-element elementor-element-20a1a7a elementor-invisible elementor-widget elementor-widget-text-editor\" data-id=\"20a1a7a\" data-element_type=\"widget\" data-e-type=\"widget\" data-settings=\"{&quot;_animation&quot;:&quot;fadeIn&quot;}\" data-widget_type=\"text-editor.default\">\n\t\t\t\t<div class=\"elementor-widget-container\">\n\t\t\t\t\t\t\t\t\t<p style=\"text-align: center;\"><span>Im Fr\u00fchjahr 2011 wurde die Stahlhalle um ca. 500 m\u00b2 erweitert. Der komplette Innenbereich wurde einer Neugestaltung unterzogen, um den heutigen Kundenanspr\u00fcchen zu entsprechen. Zudem wurde ein neuer Laufkran sowie eine topmoderne hydraulische Tafelschere angeschafft um den Kunden ein bestm\u00f6gliches Service bieten zu k\u00f6nnen. Mit der Tafelschere k\u00f6nnen Bleche bis 13 mm auf den Millimeter genau geschnitten werden. Zus\u00e4tzlich wurde die gesamte Fl\u00e4che asphaltiert und neue Schwerlastregale aufgestellt, damit die Ware effizienter und \u00fcbersichtlicher pr\u00e4sentiert und gelagert werden kann. Zudem wurde die gesamte elektrische Verkabelung auf den neuesten Stand gebracht um den hohen Stromanschlusswerten der hydraulischen Tafelschere, der bereits vorhandenen Bands\u00e4ge sowie der komplett neu errichteten Beleuchtung gerecht zu werden.<\/span><\/p>\t\t\t\t\t\t\t\t<\/div>\n\t\t\t\t<\/div>\n\t\t\t\t<section class=\"elementor-section elementor-inner-section elementor-element elementor-element-664ea2a elementor-section-boxed elementor-section-height-default elementor-section-height-default wpr-particle-no wpr-jarallax-no wpr-parallax-no wpr-sticky-section-no wpr-equal-height-no elementor-invisible\" data-id=\"664ea2a\" data-element_type=\"section\" data-e-type=\"section\" data-settings=\"{&quot;animation&quot;:&quot;fadeIn&quot;}\">\n\t\t\t\t\t\t<div class=\"elementor-container elementor-column-gap-default\">\n\t\t\t\t\t<div class=\"elementor-column elementor-col-33 elementor-inner-column elementor-element elementor-element-280ddfa\" data-id=\"280ddfa\" data-element_type=\"column\" data-e-type=\"column\">\n\t\t\t<div class=\"elementor-widget-wrap elementor-element-populated\">\n\t\t\t\t\t\t<div class=\"elementor-element elementor-element-9f7cd71 elementor-widget elementor-widget-image\" data-id=\"9f7cd71\" data-element_type=\"widget\" data-e-type=\"widget\" data-widget_type=\"image.default\">\n\t\t\t\t<div class=\"elementor-widget-container\">\n\t\t\t\t\t\t\t\t\t\t\t\t<figure class=\"wp-caption\">\n\t\t\t\t\t\t\t\t\t\t<img loading=\"lazy\" decoding=\"async\" width=\"236\" height=\"169\" src=\"http:\/\/griessler.com\/wp-content\/uploads\/2023\/06\/Geschichte_17.jpg\" class=\"attachment-large size-large wp-image-696\" alt=\"\" \/>\t\t\t\t\t\t\t\t\t\t\t<figcaption class=\"widget-image-caption wp-caption-text\">Stahlhalle Aussenansicht<\/figcaption>\n\t\t\t\t\t\t\t\t\t\t<\/figure>\n\t\t\t\t\t\t\t\t\t<\/div>\n\t\t\t\t<\/div>\n\t\t\t\t\t<\/div>\n\t\t<\/div>\n\t\t\t\t<div class=\"elementor-column elementor-col-33 elementor-inner-column elementor-element elementor-element-e171469\" data-id=\"e171469\" data-element_type=\"column\" data-e-type=\"column\">\n\t\t\t<div class=\"elementor-widget-wrap elementor-element-populated\">\n\t\t\t\t\t\t<div class=\"elementor-element elementor-element-b5e6dac elementor-widget elementor-widget-image\" data-id=\"b5e6dac\" data-element_type=\"widget\" data-e-type=\"widget\" data-widget_type=\"image.default\">\n\t\t\t\t<div class=\"elementor-widget-container\">\n\t\t\t\t\t\t\t\t\t\t\t\t<figure class=\"wp-caption\">\n\t\t\t\t\t\t\t\t\t\t<img loading=\"lazy\" decoding=\"async\" width=\"236\" height=\"169\" src=\"http:\/\/griessler.com\/wp-content\/uploads\/2023\/06\/Geschichte_18.jpg\" class=\"attachment-large size-large wp-image-697\" alt=\"\" \/>\t\t\t\t\t\t\t\t\t\t\t<figcaption class=\"widget-image-caption wp-caption-text\">Stahlhalle Innenansicht<\/figcaption>\n\t\t\t\t\t\t\t\t\t\t<\/figure>\n\t\t\t\t\t\t\t\t\t<\/div>\n\t\t\t\t<\/div>\n\t\t\t\t\t<\/div>\n\t\t<\/div>\n\t\t\t\t<div class=\"elementor-column elementor-col-33 elementor-inner-column elementor-element elementor-element-20fb268\" data-id=\"20fb268\" data-element_type=\"column\" data-e-type=\"column\">\n\t\t\t<div class=\"elementor-widget-wrap elementor-element-populated\">\n\t\t\t\t\t\t<div class=\"elementor-element elementor-element-c597fa4 elementor-widget elementor-widget-image\" data-id=\"c597fa4\" data-element_type=\"widget\" data-e-type=\"widget\" data-widget_type=\"image.default\">\n\t\t\t\t<div class=\"elementor-widget-container\">\n\t\t\t\t\t\t\t\t\t\t\t\t<figure class=\"wp-caption\">\n\t\t\t\t\t\t\t\t\t\t<img loading=\"lazy\" decoding=\"async\" width=\"236\" height=\"169\" src=\"http:\/\/griessler.com\/wp-content\/uploads\/2023\/06\/Geschichte_19.jpg\" class=\"attachment-large size-large wp-image-698\" alt=\"\" \/>\t\t\t\t\t\t\t\t\t\t\t<figcaption class=\"widget-image-caption wp-caption-text\">Hydraulische Tafelschere im Innenbereich<\/figcaption>\n\t\t\t\t\t\t\t\t\t\t<\/figure>\n\t\t\t\t\t\t\t\t\t<\/div>\n\t\t\t\t<\/div>\n\t\t\t\t\t<\/div>\n\t\t<\/div>\n\t\t\t\t\t<\/div>\n\t\t<\/section>\n\t\t\t\t<div class=\"elementor-element elementor-element-df5aaab elementor-invisible elementor-widget elementor-widget-heading\" data-id=\"df5aaab\" data-element_type=\"widget\" data-e-type=\"widget\" data-settings=\"{&quot;_animation&quot;:&quot;fadeIn&quot;}\" data-widget_type=\"heading.default\">\n\t\t\t\t<div class=\"elementor-widget-container\">\n\t\t\t\t\t<h3 class=\"elementor-heading-title elementor-size-default\"><br>Christoph L\u00f6wenstein wird Gesch\u00e4ftsf\u00fchrer<\/h3>\t\t\t\t<\/div>\n\t\t\t\t<\/div>\n\t\t\t\t<div class=\"elementor-element elementor-element-4091515 elementor-invisible elementor-widget elementor-widget-text-editor\" data-id=\"4091515\" data-element_type=\"widget\" data-e-type=\"widget\" data-settings=\"{&quot;_animation&quot;:&quot;fadeIn&quot;}\" data-widget_type=\"text-editor.default\">\n\t\t\t\t<div class=\"elementor-widget-container\">\n\t\t\t\t\t\t\t\t\t<p style=\"text-align: center;\"><span>Nach der Pensionierung von Peter L\u00f6wenstein, \u00fcbernahm dessen Sohn Christoph L\u00f6wenstein die Gesch\u00e4ftsf\u00fchrung, welcher ab 01.08.2019 die Firma Julius Griessler &amp; Sohn KG f\u00fchrt.<\/span><\/p>\t\t\t\t\t\t\t\t<\/div>\n\t\t\t\t<\/div>\n\t\t\t\t<div class=\"elementor-element elementor-element-07f9df7 elementor-invisible elementor-widget elementor-widget-image\" data-id=\"07f9df7\" data-element_type=\"widget\" data-e-type=\"widget\" data-settings=\"{&quot;_animation&quot;:&quot;fadeIn&quot;}\" data-widget_type=\"image.default\">\n\t\t\t\t<div class=\"elementor-widget-container\">\n\t\t\t\t\t\t\t\t\t\t\t\t<figure class=\"wp-caption\">\n\t\t\t\t\t\t\t\t\t\t<img loading=\"lazy\" decoding=\"async\" width=\"346\" height=\"519\" src=\"http:\/\/griessler.com\/wp-content\/uploads\/2023\/06\/Portrait_ausgeschnitten1.jpg\" class=\"attachment-large size-large wp-image-839\" alt=\"\" srcset=\"http:\/\/griessler.com\/wp-content\/uploads\/2023\/06\/Portrait_ausgeschnitten1.jpg 346w, http:\/\/griessler.com\/wp-content\/uploads\/2023\/06\/Portrait_ausgeschnitten1-200x300.jpg 200w\" sizes=\"(max-width: 346px) 100vw, 346px\" \/>\t\t\t\t\t\t\t\t\t\t\t<figcaption class=\"widget-image-caption wp-caption-text\">Christoph L\u00f6wenstein<\/figcaption>\n\t\t\t\t\t\t\t\t\t\t<\/figure>\n\t\t\t\t\t\t\t\t\t<\/div>\n\t\t\t\t<\/div>\n\t\t\t\t<div class=\"elementor-element elementor-element-1cdfe69 elementor-invisible elementor-widget elementor-widget-heading\" data-id=\"1cdfe69\" data-element_type=\"widget\" data-e-type=\"widget\" data-settings=\"{&quot;_animation&quot;:&quot;fadeIn&quot;}\" data-widget_type=\"heading.default\">\n\t\t\t\t<div class=\"elementor-widget-container\">\n\t\t\t\t\t<h3 class=\"elementor-heading-title elementor-size-default\"><br>Heute<\/h3>\t\t\t\t<\/div>\n\t\t\t\t<\/div>\n\t\t\t\t<div class=\"elementor-element elementor-element-526f22d elementor-invisible elementor-widget elementor-widget-text-editor\" data-id=\"526f22d\" data-element_type=\"widget\" data-e-type=\"widget\" data-settings=\"{&quot;_animation&quot;:&quot;fadeIn&quot;}\" data-widget_type=\"text-editor.default\">\n\t\t\t\t<div class=\"elementor-widget-container\">\n\t\t\t\t\t\t\t\t\t<p style=\"text-align: center;\">Heute besch\u00e4ftigen wir etwa 30 Mitarbeiter(innen). DANKE wollen wir hierzu vor allem unseren Kunden(innen) und Mitarbeitern(innen) sagen, die durch Ihre Eink\u00e4ufe und Ihren Einsatz die lange Geschichte unserer Firma erm\u00f6glichten!!! Wir werden uns auch weiterhin t\u00e4glich bem\u00fchen jeden Kundenwunsch zu erf\u00fcllen!!!<\/p>\t\t\t\t\t\t\t\t<\/div>\n\t\t\t\t<\/div>\n\t\t\t\t\t<\/div>\n\t\t<\/div>\n\t\t\t\t\t<\/div>\n\t\t<\/section>\n\t\t\t\t<section class=\"elementor-section elementor-top-section elementor-element elementor-element-0d10516 elementor-section-boxed elementor-section-height-default elementor-section-height-default wpr-particle-no wpr-jarallax-no wpr-parallax-no wpr-sticky-section-no wpr-equal-height-no\" data-id=\"0d10516\" data-element_type=\"section\" data-e-type=\"section\">\n\t\t\t\t\t\t<div class=\"elementor-container elementor-column-gap-default\">\n\t\t\t\t\t<div class=\"elementor-column elementor-col-100 elementor-top-column elementor-element elementor-element-1d511d2\" data-id=\"1d511d2\" data-element_type=\"column\" data-e-type=\"column\" data-settings=\"{&quot;background_background&quot;:&quot;classic&quot;}\">\n\t\t\t<div class=\"elementor-widget-wrap elementor-element-populated\">\n\t\t\t\t\t\t<div class=\"elementor-element elementor-element-d95e13e elementor-widget-divider--view-line elementor-widget elementor-widget-divider\" data-id=\"d95e13e\" data-element_type=\"widget\" data-e-type=\"widget\" data-widget_type=\"divider.default\">\n\t\t\t\t<div class=\"elementor-widget-container\">\n\t\t\t\t\t\t\t<div class=\"elementor-divider\">\n\t\t\t<span class=\"elementor-divider-separator\">\n\t\t\t\t\t\t<\/span>\n\t\t<\/div>\n\t\t\t\t\t\t<\/div>\n\t\t\t\t<\/div>\n\t\t\t\t\t<\/div>\n\t\t<\/div>\n\t\t\t\t\t<\/div>\n\t\t<\/section>\n\t\t\t\t<\/div>\n\t\t","protected":false},"excerpt":{"rendered":"<p>Allgemein Geschichte Es begann am 1. Februar 1894 An diesem Tag wurde die Firma Griessler von Julius Griessler und dessen Sohn August als OHG gegr\u00fcndet. Das Verkaufslokal war in der Hauptstra\u00dfe von Scheibbs situiert. Zu Beginn wurde haupts\u00e4chlich mit Lebensmitteln und Textilien gehandelt, aber auch Waren des t\u00e4glichen Bedarfs wurden verkauft. Das erste Verkaufslokal der Firma Griessler (1894) Julius Griessler Wilhelm L\u00f6wenstein I. erwirbt die Firma Griessler Firma Griessler (1907) Wilhelm L\u00f6wenstein I. Im Jahre 1907 erwarben Wilhelm L\u00f6wenstein I. und Josef Schiel das Geb\u00e4ude in der Hauptstra\u00dfe von Scheibbs und das Recht den Firmennamen &#8222;Julius Griessler &amp; Sohn&#8220; weiterzuf\u00fchren. Josef Schiel schied jedoch im Jahre 1917 vereinbarungsgem\u00e4\u00df aus. Einem alleinigen Fortbetrieb der Firma Julius Griessler &amp; Sohn durch Wilhelm L\u00f6wenstein I. stand somit nichts mehr im Weg. Sieben Mitarbeiter wurden damals besch\u00e4ftigt. Im Eisenhandel gab es in dieser Zeit durch einige gro\u00dfe Bauvorhaben einen gro\u00dfen wirtschaftlichen Aufschwung. Hier k\u00f6nnen Sie eine Rechnung aus dem Jahre 1918 sowie 1932 einsehen. Wilhelm L\u00f6wenstein II. \u00fcbernimmt die Firma Griessler 1929 erkrankte Wilhelm L\u00f6wenstein I. an einem Herzleiden und sein Sohn, Wilhelm L\u00f6wenstein II., wurde am Sterbebett seines Vaters zum Prokuristen ernannt. Nach dem Tod von Wilhelm L\u00f6wenstein I. im Jahre 1930 wurde die Firma von dessen Frau Leni L\u00f6wenstein und dessen Sohn Wilhelm L\u00f6wenstein II. weitergef\u00fchrt. Die nachfolgenden Jahre waren gekennzeichnet durch hohe Inflation und einer \u00e4u\u00dferst schlechten Wirtschaftslage mit hoher Arbeitslosigkeit. Nachdem seine Mutter 1938 die Gesch\u00e4ftsanteile abgegeben hatte, wurde Wilhelm L\u00f6wenstein II. Alleininhaber. Wilhelm L\u00f6wenstein II. Leni L\u00f6wenstein Mit Beginn des 2. Weltkrieges wurde die Warenversorgung immer stockender, aber das Gesch\u00e4ft wurde von Mitarbeitern der Firma \u00fcber die gesamte Kriegsdauer bis 1945 trotz schleppenden Warennachschubes gef\u00fchrt. Nach Ende des 2. Weltkrieges, im August 1945, kehrte Wilhelm L\u00f6wenstein II. aus dem Krieg zur\u00fcck. Obwohl das Gesch\u00e4ft in der Zwischenzeit gepl\u00fcndert wurde, f\u00fchrte Wilhelm L\u00f6wenstein II. die Firma erfolgreich weiter. 1954 wurde das Gesch\u00e4ftshaus in der Hauptstra\u00dfe umgebaut. In dieser Zeit sorgten etwa 30 Mitarbeiter f\u00fcr das Wohl der Kunden. Firma Griessler (1954) In den Jahren 1960-1970 wurde in mehreren Bauetappen auf einem 10.000 m\u00b2 gro\u00dfen Grundst\u00fcck in der Rutesheimer Stra\u00dfe das Walzwarenlager mit der 100 m langen Kranbahn, die Baustoffhalle, Kohlenboxen, Garagen und ein Wohnhaus errichtet. Neuer Standort in der Rutesheimer Stra\u00dfe 1976 wurde das Haus- und K\u00fcchenger\u00e4tefachgesch\u00e4ft &#8222;Quartierhaus&#8220; mit einer Verkaufsfl\u00e4che von 500 m\u00b2 er\u00f6ffnet. Peter L\u00f6wenstein wird Gesch\u00e4ftsf\u00fchrer Nach der Pensionierung von Wilhelm L\u00f6wenstein II. im Jahre 1978, \u00fcbernahm dessen Sohn Peter L\u00f6wenstein die Gesch\u00e4ftsf\u00fchrung. Peter L\u00f6wenstein 1984 \u00fcbersiedelte die Eisenhandlung in die neu errichteten Gesch\u00e4ftsr\u00e4ume in der Gaminger Stra\u00dfe mit einer Verkaufsfl\u00e4che von etwa 1800 m\u00b2. 1990 errichtete Peter L\u00f6wenstein den Holzfachmarkt in der Rutesheimer Stra\u00dfe mit einer Verkaufsfl\u00e4che von etwa 1000 m\u00b2. Holzfachmarkt Im Jahre 1994 wurde das ehemalige &#8222;Quartierhaus&#8220; v\u00f6llig neu umgebaut und am 12. M\u00e4rz 1994 unter dem Namen &#8222;Artemis&#8220; er\u00f6ffnet. Artemis Im J\u00e4nner 1997 wurde der Heimwerkerfachmarkt &#8222;heim+handwerk&#8220; mit einer Verkaufsfl\u00e4che von 2500 m\u00b2 und 50 Kundenparkpl\u00e4tzen im Gewerbegebiet errichtet und darf sicher zu den modernsten Fachm\u00e4rkten \u00d6sterreichs gez\u00e4hlt werden. Bei der Errichtung wurde vor allem auf moderne und ansprechende Architektur, sowie Kundenfreundlichkeit geachtet. Mit M\u00e4rz 2001 wurde dann auch das &#8222;Artemis&#8220; ins &#8222;heim+handwerk&#8220; \u00fcbersiedelt. heim+handwerk Im Fr\u00fchjahr 2006 wurde der Holzfachmarkt im Innenbereich einer Neugestaltung unterzogen, um den Kunden eine noch bessere \u00dcbersicht \u00fcber die Produktpalette zu bieten. Die Sortimentsschwerpunkte Parkett, Holz im Garten, Platten, Leisten, Saunas und Infrarotkabinen werden nun in einer vollkommen neuen Art pr\u00e4sentiert. Holzfachmarkt Innenbereich Im J\u00e4nner 2008 wurde ebenfalls das heim+handwerk im Innenbereich einer Neugestaltung unterzogen, um den Kunden eine noch bessere \u00dcbersicht \u00fcber die Produktpalette zu bieten und um neue Aktionsfl\u00e4chen zu schaffen. Die Sortimentsschwerpunkte Arbeitsschutz, Beschl\u00e4ge, Farben, Garten, Maschinen, Werkzeug werden nun in einer vollkommen neuen und wesentlich \u00fcbersichtlicheren Art pr\u00e4sentiert. Arbeitsschutzpr\u00e4sentation Maschinenpr\u00e4sentation Aktionspr\u00e4sentation Im Fr\u00fchjahr 2008 wurde beim Holzfachmarkt eine riesige Modularhalle errichtet um den Kunden eine noch gr\u00f6\u00dfere Auswahl an Gartenm\u00f6bel, Griller und Poolartikel pr\u00e4sentieren zu k\u00f6nnen. Auf einer Gesamtfl\u00e4che von 300 m\u00b2 k\u00f6nnen wir Ihnen hiermit die gr\u00f6\u00dfte Auswahl an Saisonartikel im Erlauftal bieten. Gartenm\u00f6belzelt Aussenansicht Gartenm\u00f6belzelt Innenansicht Im Fr\u00fchjahr 2011 wurde die Stahlhalle um ca. 500 m\u00b2 erweitert. Der komplette Innenbereich wurde einer Neugestaltung unterzogen, um den heutigen Kundenanspr\u00fcchen zu entsprechen. Zudem wurde ein neuer Laufkran sowie eine topmoderne hydraulische Tafelschere angeschafft um den Kunden ein bestm\u00f6gliches Service bieten zu k\u00f6nnen. Mit der Tafelschere k\u00f6nnen Bleche bis 13 mm auf den Millimeter genau geschnitten werden. Zus\u00e4tzlich wurde die gesamte Fl\u00e4che asphaltiert und neue Schwerlastregale aufgestellt, damit die Ware effizienter und \u00fcbersichtlicher pr\u00e4sentiert und gelagert werden kann. Zudem wurde die gesamte elektrische Verkabelung auf den neuesten Stand gebracht um den hohen Stromanschlusswerten der hydraulischen Tafelschere, der bereits vorhandenen Bands\u00e4ge sowie der komplett neu errichteten Beleuchtung gerecht zu werden. Stahlhalle Aussenansicht Stahlhalle Innenansicht Hydraulische Tafelschere im Innenbereich Christoph L\u00f6wenstein wird Gesch\u00e4ftsf\u00fchrer Nach der Pensionierung von Peter L\u00f6wenstein, \u00fcbernahm dessen Sohn Christoph L\u00f6wenstein die Gesch\u00e4ftsf\u00fchrung, welcher ab 01.08.2019 die Firma Julius Griessler &amp; Sohn KG f\u00fchrt. Christoph L\u00f6wenstein Heute Heute besch\u00e4ftigen wir etwa 30 Mitarbeiter(innen). DANKE wollen wir hierzu vor allem unseren Kunden(innen) und Mitarbeitern(innen) sagen, die durch Ihre Eink\u00e4ufe und Ihren Einsatz die lange Geschichte unserer Firma erm\u00f6glichten!!! Wir werden uns auch weiterhin t\u00e4glich bem\u00fchen jeden Kundenwunsch zu erf\u00fcllen!!!<\/p>\n","protected":false},"author":1,"featured_media":0,"parent":0,"menu_order":0,"comment_status":"closed","ping_status":"closed","template":"elementor_canvas","meta":{"footnotes":""},"class_list":["post-608","page","type-page","status-publish","hentry"],"_links":{"self":[{"href":"http:\/\/griessler.com\/index.php\/wp-json\/wp\/v2\/pages\/608","targetHints":{"allow":["GET"]}}],"collection":[{"href":"http:\/\/griessler.com\/index.php\/wp-json\/wp\/v2\/pages"}],"about":[{"href":"http:\/\/griessler.com\/index.php\/wp-json\/wp\/v2\/types\/page"}],"author":[{"embeddable":true,"href":"http:\/\/griessler.com\/index.php\/wp-json\/wp\/v2\/users\/1"}],"replies":[{"embeddable":true,"href":"http:\/\/griessler.com\/index.php\/wp-json\/wp\/v2\/comments?post=608"}],"version-history":[{"count":60,"href":"http:\/\/griessler.com\/index.php\/wp-json\/wp\/v2\/pages\/608\/revisions"}],"predecessor-version":[{"id":1846,"href":"http:\/\/griessler.com\/index.php\/wp-json\/wp\/v2\/pages\/608\/revisions\/1846"}],"wp:attachment":[{"href":"http:\/\/griessler.com\/index.php\/wp-json\/wp\/v2\/media?parent=608"}],"curies":[{"name":"wp","href":"https:\/\/api.w.org\/{rel}","templated":true}]}}